{"id":424,"date":"2019-04-25T17:04:09","date_gmt":"2019-04-25T17:04:09","guid":{"rendered":"http:\/\/artangi.is\/?page_id=424"},"modified":"2019-05-01T14:57:30","modified_gmt":"2019-05-01T14:57:30","slug":"dill","status":"publish","type":"page","link":"http:\/\/artangi.is\/index.php\/kryddjurtir\/dill\/","title":{"rendered":"Dill"},"content":{"rendered":"\n<div class=\"wp-block-image\"><figure class=\"aligncenter\"><a href=\"http:\/\/artangi.is\/wp-content\/uploads\/2019\/05\/dill3.png\" target=\"_blank\" rel=\"noreferrer noopener\"><img loading=\"lazy\" decoding=\"async\" width=\"480\" height=\"640\" src=\"http:\/\/artangi.is\/wp-content\/uploads\/2019\/05\/dill3.png\" alt=\"\" class=\"wp-image-830\" srcset=\"http:\/\/artangi.is\/wp-content\/uploads\/2019\/05\/dill3.png 480w, http:\/\/artangi.is\/wp-content\/uploads\/2019\/05\/dill3-225x300.png 225w\" sizes=\"(max-width: 480px) 100vw, 480px\" \/><\/a><\/figure><\/div>\n\n\n\n<h5 class=\"wp-block-heading\">Dill er ein\u00e6r\nplanta og er upprunnin \u00ed Evr\u00f3pu og As\u00edu en \u00fear eru b\u00e6\u00f0i laufin og fr\u00e6in notu\u00f0 sem krydd. Dill\nver\u00f0ur allt a\u00f0 60 cm \u00e1 h\u00e6\u00f0 me\u00f0 holum st\u00f6nglum sem bera mj\u00fak bl\u00f6\u00f0in sem ver\u00f0a\nallt a\u00f0 20 cm \u00e1 lengd. Breidd bla\u00f0anna er um 1-2 mm. Bl\u00f3min eru gul e\u00f0a hv\u00edt.\nOft er unnin ol\u00eda \u00far pl\u00f6ntunni sem \u00fe\u00e1 er einkum notu\u00f0 \u00ed framlei\u00f0slu \u00e1 s\u00e1pum.<\/h5>\n\n\n\n<h5 class=\"wp-block-heading\">Dill er mj\u00f6g gott \u00ed fisk- og kj\u00faklingar\u00e9tti. \u00dea\u00f0 er nota\u00f0 t.d. til a\u00f0 grafa lax e\u00f0a kj\u00f6t og svo er \u00fea\u00f0 einnig nota\u00f0 \u00ed kryddsmj\u00f6r e\u00f0a me\u00f0 s\u00fdr\u00f0um rj\u00f3ma \u00ed baka\u00f0ar kart\u00f6flur. \u00cd Danm\u00f6rku eru so\u00f0nar kart\u00f6flur me\u00f0 dilli mj\u00f6g algengur r\u00e9ttur og \u00ed P\u00f3llandi er dilli\u00f0 nota\u00f0 \u00ed g\u00farkus\u00fapu. Einnig er \u00fea\u00f0 miki\u00f0 nota\u00f0 \u00ed skraut. <\/h5>\n\n\n\n<h5 class=\"wp-block-heading\">Dill getur vaxi\u00f0 utandyra \u00e1 \u00cdslandi \u00e1 sumrin og \u00fev\u00ed mj\u00f6g gott a\u00f0 hafa \u00fea\u00f0 \u00ed matjurtargar\u00f0inum en \u00e1 veturna er best a\u00f0 hafa \u00fea\u00f0 \u00ed glugga og v\u00f6kva \u00ed sk\u00e1lina annan hvern dag me\u00f0 \u00e1bur\u00f0i. <\/h5>\n","protected":false},"excerpt":{"rendered":"<p>Dill er ein\u00e6r planta og er upprunnin \u00ed Evr\u00f3pu og As\u00edu en \u00fear eru b\u00e6\u00f0i laufin og fr\u00e6in notu\u00f0 sem krydd. Dill ver\u00f0ur allt a\u00f0 60 cm \u00e1 h\u00e6\u00f0 me\u00f0 holum st\u00f6nglum sem bera mj\u00fak bl\u00f6\u00f0in sem ver\u00f0a allt a\u00f0 20 cm \u00e1 lengd. Breidd bla\u00f0anna er um 1-2 mm. Bl\u00f3min eru gul e\u00f0a hv\u00edt. [&hellip;]<\/p>\n","protected":false},"author":1,"featured_media":0,"parent":350,"menu_order":0,"comment_status":"closed","ping_status":"closed","template":"","meta":{"_monsterinsights_skip_tracking":false,"_monsterinsights_sitenote_active":false,"_monsterinsights_sitenote_note":"","_monsterinsights_sitenote_category":0,"footnotes":""},"aioseo_notices":[],"_links":{"self":[{"href":"http:\/\/artangi.is\/index.php\/wp-json\/wp\/v2\/pages\/424"}],"collection":[{"href":"http:\/\/artangi.is\/index.php\/wp-json\/wp\/v2\/pages"}],"about":[{"href":"http:\/\/artangi.is\/index.php\/wp-json\/wp\/v2\/types\/page"}],"author":[{"embeddable":true,"href":"http:\/\/artangi.is\/index.php\/wp-json\/wp\/v2\/users\/1"}],"replies":[{"embeddable":true,"href":"http:\/\/artangi.is\/index.php\/wp-json\/wp\/v2\/comments?post=424"}],"version-history":[{"count":4,"href":"http:\/\/artangi.is\/index.php\/wp-json\/wp\/v2\/pages\/424\/revisions"}],"predecessor-version":[{"id":831,"href":"http:\/\/artangi.is\/index.php\/wp-json\/wp\/v2\/pages\/424\/revisions\/831"}],"up":[{"embeddable":true,"href":"http:\/\/artangi.is\/index.php\/wp-json\/wp\/v2\/pages\/350"}],"wp:attachment":[{"href":"http:\/\/artangi.is\/index.php\/wp-json\/wp\/v2\/media?parent=424"}],"curies":[{"name":"wp","href":"https:\/\/api.w.org\/{rel}","templated":true}]}}