{"id":495,"date":"2019-04-26T09:37:22","date_gmt":"2019-04-26T09:37:22","guid":{"rendered":"http:\/\/artangi.is\/?page_id=495"},"modified":"2019-05-01T12:56:17","modified_gmt":"2019-05-01T12:56:17","slug":"graen-sura","status":"publish","type":"page","link":"https:\/\/artangi.is\/index.php\/kryddjurtir\/surur\/graen-sura\/","title":{"rendered":"Gr\u00e6n s\u00fara"},"content":{"rendered":"\n<div class=\"wp-block-image\"><figure class=\"aligncenter\"><a href=\"http:\/\/artangi.is\/wp-content\/uploads\/2019\/04\/sura.png\" target=\"_blank\" rel=\"noreferrer noopener\"><img loading=\"lazy\" decoding=\"async\" width=\"640\" height=\"480\" src=\"http:\/\/artangi.is\/wp-content\/uploads\/2019\/04\/sura.png\" alt=\"\" class=\"wp-image-622\" srcset=\"https:\/\/artangi.is\/wp-content\/uploads\/2019\/04\/sura.png 640w, https:\/\/artangi.is\/wp-content\/uploads\/2019\/04\/sura-300x225.png 300w\" sizes=\"(max-width: 640px) 100vw, 640px\" \/><\/a><\/figure><\/div>\n\n\n\n<h5 class=\"wp-block-heading\">Gr\u00e6n s\u00fara er svok\u00f6llu\u00f0 hundas\u00fara, og vex a\u00f0 mestu \u00ed Evr\u00f3pu og\nAs\u00edu. V\u00ed\u00f0a er liti\u00f0 \u00e1 s\u00faruna sem illgresi. Gr\u00e6n s\u00fara \u00fer\u00edfst vi\u00f0 samb\u00e6rilegar\na\u00f0st\u00e6\u00f0ur og bl\u00e1ber.<\/h5>\n\n\n\n<h5 class=\"wp-block-heading\">Gr\u00e6n s\u00fara er fj\u00f6l\u00e6r. H\u00fan ver\u00f0ur um 10-40 cm \u00e1 h\u00e6\u00f0 og bl\u00f6\u00f0in eru \u00f6rval\u00f6gu\u00f0, um 2 cm a\u00f0 lengd. Bl\u00f3min \u00e1 karlbl\u00f3minu eru gulgr\u00e6n en kvenbl\u00f3min eru rau\u00f0leit. Bl\u00f6\u00f0in eru me\u00f0 s\u00edtr\u00f3nu\/rabbabarabrag\u00f0i. Betra er a\u00f0 setja hana ni\u00f0ur utan dyra en s\u00e9 h\u00fan h\u00f6f\u00f0 inni skal h\u00fan v\u00f6kvast \u00ed sk\u00e1lina hvern dag me\u00f0 \u00e1bur\u00f0i. <\/h5>\n\n\n\n<h5 class=\"wp-block-heading\">Gr\u00e6n s\u00fara er notu\u00f0 \u00ed salat, s\u00fapur, kryddol\u00edur e\u00f0a kaldar s\u00f3sur. Einnig er vita\u00f0 til \u00feess a\u00f0 h\u00fan s\u00e9 notu\u00f0 \u00ed te, og \u00ed P\u00f3llandi og v\u00ed\u00f0ar er hundas\u00farus\u00fapa algengur r\u00e9ttur \u00e1 vorin. <\/h5>\n","protected":false},"excerpt":{"rendered":"<p>Gr\u00e6n s\u00fara er svok\u00f6llu\u00f0 hundas\u00fara, og vex a\u00f0 mestu \u00ed Evr\u00f3pu og As\u00edu. V\u00ed\u00f0a er liti\u00f0 \u00e1 s\u00faruna sem illgresi. Gr\u00e6n s\u00fara \u00fer\u00edfst vi\u00f0 samb\u00e6rilegar a\u00f0st\u00e6\u00f0ur og bl\u00e1ber. Gr\u00e6n s\u00fara er fj\u00f6l\u00e6r. H\u00fan ver\u00f0ur um 10-40 cm \u00e1 h\u00e6\u00f0 og bl\u00f6\u00f0in eru \u00f6rval\u00f6gu\u00f0, um 2 cm a\u00f0 lengd. Bl\u00f3min \u00e1 karlbl\u00f3minu eru gulgr\u00e6n en kvenbl\u00f3min [&hellip;]<\/p>\n","protected":false},"author":1,"featured_media":0,"parent":492,"menu_order":0,"comment_status":"closed","ping_status":"closed","template":"","meta":{"_monsterinsights_skip_tracking":false,"_monsterinsights_sitenote_active":false,"_monsterinsights_sitenote_note":"","_monsterinsights_sitenote_category":0,"footnotes":""},"aioseo_notices":[],"_links":{"self":[{"href":"https:\/\/artangi.is\/index.php\/wp-json\/wp\/v2\/pages\/495"}],"collection":[{"href":"https:\/\/artangi.is\/index.php\/wp-json\/wp\/v2\/pages"}],"about":[{"href":"https:\/\/artangi.is\/index.php\/wp-json\/wp\/v2\/types\/page"}],"author":[{"embeddable":true,"href":"https:\/\/artangi.is\/index.php\/wp-json\/wp\/v2\/users\/1"}],"replies":[{"embeddable":true,"href":"https:\/\/artangi.is\/index.php\/wp-json\/wp\/v2\/comments?post=495"}],"version-history":[{"count":6,"href":"https:\/\/artangi.is\/index.php\/wp-json\/wp\/v2\/pages\/495\/revisions"}],"predecessor-version":[{"id":816,"href":"https:\/\/artangi.is\/index.php\/wp-json\/wp\/v2\/pages\/495\/revisions\/816"}],"up":[{"embeddable":true,"href":"https:\/\/artangi.is\/index.php\/wp-json\/wp\/v2\/pages\/492"}],"wp:attachment":[{"href":"https:\/\/artangi.is\/index.php\/wp-json\/wp\/v2\/media?parent=495"}],"curies":[{"name":"wp","href":"https:\/\/api.w.org\/{rel}","templated":true}]}}